{"id":573,"date":"2021-04-19T10:13:35","date_gmt":"2021-04-19T10:13:35","guid":{"rendered":"https:\/\/www.dimenzija-projekt.hr\/referenca\/villa-t\/"},"modified":"2021-05-25T08:48:24","modified_gmt":"2021-05-25T06:48:24","slug":"villa-t","status":"publish","type":"portfolio","link":"https:\/\/www.dimenzija-projekt.hr\/en\/referenca\/villa-t\/","title":{"rendered":"Villa \u201eT\u201c"},"content":{"rendered":"<p>[vc_row][vc_column width=&#8221;1\/2&#8243;]<div id=\"cz_90267\" class=\"cz_90267 cz_image clr cz_image_no_fx center_on_mobile\"><div class=\"\" ><div class=\"cz_image_in\"><div class=\"cz_main_image\"><img decoding=\"async\" width=\"867\" height=\"725\" src=\"data:image\/svg+xml,%3Csvg%20xmlns%3D&#39;http%3A%2F%2Fwww.w3.org%2F2000%2Fsvg&#39;%20width=&#39;867&#39;%20height=&#39;725&#39;%20viewBox%3D&#39;0%200%20867%20725&#39;%2F%3E\" data-czlz data-src=\"https:\/\/www.dimenzija-projekt.hr\/wp-content\/uploads\/2021\/04\/villa-t.jpg\" class=\"attachment-full\" alt=\"\" data-srcset=\"https:\/\/www.dimenzija-projekt.hr\/wp-content\/uploads\/2021\/04\/villa-t.jpg 867w, https:\/\/www.dimenzija-projekt.hr\/wp-content\/uploads\/2021\/04\/villa-t-300x251.jpg 300w, https:\/\/www.dimenzija-projekt.hr\/wp-content\/uploads\/2021\/04\/villa-t-768x642.jpg 768w, https:\/\/www.dimenzija-projekt.hr\/wp-content\/uploads\/2021\/04\/villa-t-600x502.jpg 600w\" data-sizes=\"(max-width: 867px) 100vw, 867px\" \/><\/div><\/div><\/div><\/div>[\/vc_column][vc_column width=&#8221;1\/2&#8243;]<div id=\"cz_93346\" class=\"cz_93346 cz_title clr cz_title_pos_inline\"><div class=\"cz_title_content\"><div class=\"cz_wpe_content\"><p><strong>Namjena:<\/strong> Turisti\u010dka<br \/>\n<strong>Naru\u010ditelj:<\/strong> Kuzmani\u0107&amp;\u0160imunovi\u0107 projekt d.o.o., Split<br \/>\n<strong>Lokacija: <\/strong>Sinj<br \/>\n<strong>Usluga:<\/strong> Izrada tro\u0161kovnika<br \/>\n<strong>Obuhvat:<\/strong> 500,00 m2<br \/>\n<strong>Realizacija:<\/strong> 2021.<\/p>\n<\/div><\/div><\/div>[\/vc_column][\/vc_row]<\/p>\n","protected":false},"excerpt":{"rendered":"<p>[vc_row][vc_column width=&#8221;1\/2&#8243;][\/vc_column][vc_column width=&#8221;1\/2&#8243;][\/vc_column][\/vc_row] &#8230; <a class=\"cz_readmore\" href=\"https:\/\/www.dimenzija-projekt.hr\/en\/referenca\/villa-t\/\"><i class=\"fa fa-angle-right\"><\/i><span>Read More<\/span><\/a><\/p>\n","protected":false},"author":1,"featured_media":574,"template":"","format":"standard","meta":[],"portfolio_cat":[10],"portfolio_tags":[],"class_list":["post-573","portfolio","type-portfolio","status-publish","format-standard","has-post-thumbnail","hentry","portfolio_cat-reference-en"],"_links":{"self":[{"href":"https:\/\/www.dimenzija-projekt.hr\/en\/wp-json\/wp\/v2\/portfolio\/573","targetHints":{"allow":["GET"]}}],"collection":[{"href":"https:\/\/www.dimenzija-projekt.hr\/en\/wp-json\/wp\/v2\/portfolio"}],"about":[{"href":"https:\/\/www.dimenzija-projekt.hr\/en\/wp-json\/wp\/v2\/types\/portfolio"}],"author":[{"embeddable":true,"href":"https:\/\/www.dimenzija-projekt.hr\/en\/wp-json\/wp\/v2\/users\/1"}],"wp:featuredmedia":[{"embeddable":true,"href":"https:\/\/www.dimenzija-projekt.hr\/en\/wp-json\/wp\/v2\/media\/574"}],"wp:attachment":[{"href":"https:\/\/www.dimenzija-projekt.hr\/en\/wp-json\/wp\/v2\/media?parent=573"}],"wp:term":[{"taxonomy":"portfolio_cat","embeddable":true,"href":"https:\/\/www.dimenzija-projekt.hr\/en\/wp-json\/wp\/v2\/portfolio_cat?post=573"},{"taxonomy":"portfolio_tags","embeddable":true,"href":"https:\/\/www.dimenzija-projekt.hr\/en\/wp-json\/wp\/v2\/portfolio_tags?post=573"}],"curies":[{"name":"wp","href":"https:\/\/api.w.org\/{rel}","templated":true}]}}